{"id":20,"date":"2025-09-18T10:20:26","date_gmt":"2025-09-18T10:20:26","guid":{"rendered":"http:\/\/gabriel-jnior.local\/?page_id=20"},"modified":"2026-02-27T14:42:32","modified_gmt":"2026-02-27T14:42:32","slug":"historia","status":"publish","type":"page","link":"https:\/\/gabrieljunior.com\/en\/historia\/","title":{"rendered":"Hist\u00f3ria"},"content":{"rendered":"<div data-elementor-type=\"wp-page\" data-elementor-id=\"20\" class=\"elementor elementor-20\" data-elementor-post-type=\"page\">\n\t\t\t\t<div class=\"elementor-element elementor-element-39343ea e-con-full e-flex e-con e-parent\" data-id=\"39343ea\" data-element_type=\"container\" data-e-type=\"container\" data-settings=\"{&quot;background_background&quot;:&quot;classic&quot;}\">\n\t\t\t\t<\/div>\n\t\t<div class=\"elementor-element elementor-element-05411e7 e-con-full e-flex e-con e-parent\" data-id=\"05411e7\" data-element_type=\"container\" data-e-type=\"container\">\n\t\t<div class=\"elementor-element elementor-element-af8f588 e-con-full e-flex e-con e-child\" data-id=\"af8f588\" data-element_type=\"container\" data-e-type=\"container\">\n\t\t\t\t<div class=\"elementor-element elementor-element-d5162c9 elementor-headline--style-highlight elementor-widget elementor-widget-animated-headline\" data-id=\"d5162c9\" data-element_type=\"widget\" data-e-type=\"widget\" data-settings=\"{&quot;marker&quot;:&quot;double_underline&quot;,&quot;highlighted_text&quot;:&quot;Eu sou o Gabriel J\\u00fanior&quot;,&quot;headline_style&quot;:&quot;highlight&quot;,&quot;loop&quot;:&quot;yes&quot;,&quot;highlight_animation_duration&quot;:1200,&quot;highlight_iteration_delay&quot;:8000}\" data-widget_type=\"animated-headline.default\">\n\t\t\t\t\t\t\t<h3 class=\"elementor-headline\">\n\t\t\t\t\t<span class=\"elementor-headline-plain-text elementor-headline-text-wrapper\">Greetings,<\/span>\n\t\t\t\t<span class=\"elementor-headline-dynamic-wrapper elementor-headline-text-wrapper\">\n\t\t\t\t\t<span class=\"elementor-headline-dynamic-text elementor-headline-text-active\">I am Gabriel Junior.<\/span>\n\t\t\t\t<\/span>\n\t\t\t\t<\/h3>\n\t\t\t\t\t\t<\/div>\n\t\t\t\t<div class=\"elementor-element elementor-element-3f1ac9d elementor-widget elementor-widget-text-editor\" data-id=\"3f1ac9d\" data-element_type=\"widget\" data-e-type=\"widget\" data-widget_type=\"text-editor.default\">\n\t\t\t\t\t\t\t\t\t<p>He was born in rural Mozambique but spent his childhood, adolescence, and youth in the city of Beira. He is the youngest of seven siblings. Today, he is one of the most charismatic figures in Mozambique, one of the most popular and award-winning communicators in Mozambique, and a true mobilizer of the masses. From an early age, he experienced the horrors of civil war alongside his father, who was working in the interior of the country, and ended up being stranded there for several years due to the intensification of the armed conflict. Years later, he managed to make his way to the city of Beira to meet his mother and siblings, after his father negotiated the trip from a military base in an ANTANOV plane, while his father remained in a refugee camp until the end of the Civil War.<\/p>\t\t\t\t\t\t\t\t<\/div>\n\t\t\t\t<div class=\"elementor-element elementor-element-add099e elementor-widget elementor-widget-text-editor\" data-id=\"add099e\" data-element_type=\"widget\" data-e-type=\"widget\" data-widget_type=\"text-editor.default\">\n\t\t\t\t\t\t\t\t\t<p>This whole process made Gabriel J\u00fanior, at the time, a strong and special child. The son of a Muslim mother and Christian father, he learned to live religious tolerance at home and learned about the pillars of both religions, followed Christianity, and served in evangelization missions.<\/p>\t\t\t\t\t\t\t\t<\/div>\n\t\t\t\t<div class=\"elementor-element elementor-element-aa5e48b elementor-widget elementor-widget-text-editor\" data-id=\"aa5e48b\" data-element_type=\"widget\" data-e-type=\"widget\" data-widget_type=\"text-editor.default\">\n\t\t\t\t\t\t\t\t\t<p>Gabriel J\u00fanior always had communication in his soul, becoming a radio announcer, TV presenter, and achieving great things. His passion for communication led him to radio, where he began his career on Radio Mozambique's children's program.<\/p>\t\t\t\t\t\t\t\t<\/div>\n\t\t\t\t<div class=\"elementor-element elementor-element-6ae3c1a elementor-widget elementor-widget-text-editor\" data-id=\"6ae3c1a\" data-element_type=\"widget\" data-e-type=\"widget\" data-widget_type=\"text-editor.default\">\n\t\t\t\t\t\t\t\t\t<p>He was always a child who stood out from an early age, a natural athlete who played basketball, soccer, and track and field, and was always enthusiastic about boxing. He even became a basketball coach and, together with a friend, created a club to teach moral values and discipline through sports. In sports, he became one of the most prominent sports leaders by reviving boxing and taking it to the world stage, winning world medals in several categories.<\/p>\t\t\t\t\t\t\t\t<\/div>\n\t\t\t\t<\/div>\n\t\t<div class=\"elementor-element elementor-element-993bd39 e-con-full e-flex e-con e-child\" data-id=\"993bd39\" data-element_type=\"container\" data-e-type=\"container\" data-settings=\"{&quot;background_background&quot;:&quot;classic&quot;}\">\n\t\t\t\t<\/div>\n\t\t\t\t<\/div>\n\t\t<div class=\"elementor-element elementor-element-a06fbf4 e-con-full e-flex e-con e-parent\" data-id=\"a06fbf4\" data-element_type=\"container\" data-e-type=\"container\">\n\t\t<div class=\"elementor-element elementor-element-a6361ce e-con-full e-flex e-con e-child\" data-id=\"a6361ce\" data-element_type=\"container\" data-e-type=\"container\">\n\t\t\t\t<div class=\"elementor-element elementor-element-a83db1b elementor-widget elementor-widget-text-editor\" data-id=\"a83db1b\" data-element_type=\"widget\" data-e-type=\"widget\" data-widget_type=\"text-editor.default\">\n\t\t\t\t\t\t\t\t\t<p>In the field of business associations, Gabriel J\u00fanior is President of the Association for the Defense of Foreign Investment in Mozambique. He is also Vice-President of the Information and Communication Department of the Confederation of Economic Associations of Mozambique (CTA).<\/p>\t\t\t\t\t\t\t\t<\/div>\n\t\t\t\t<div class=\"elementor-element elementor-element-c6d97a0 elementor-widget elementor-widget-text-editor\" data-id=\"c6d97a0\" data-element_type=\"widget\" data-e-type=\"widget\" data-widget_type=\"text-editor.default\">\n\t\t\t\t\t\t\t\t\t<p>Today, he is one of the most charismatic figures in Mozambique, one of the most popular and most awarded communicators in Mozambique, a true mobilizer of the masses. He was the first African communicator to be mentioned in a prestigious book published in Brazil about the world's great communicators. His leadership skills are not limited to communication; Gabriel is a success story when it comes to being multifaceted.<\/p>\t\t\t\t\t\t\t\t<\/div>\n\t\t\t\t<div class=\"elementor-element elementor-element-44c8739 elementor-widget elementor-widget-text-editor\" data-id=\"44c8739\" data-element_type=\"widget\" data-e-type=\"widget\" data-widget_type=\"text-editor.default\">\n\t\t\t\t\t\t\t\t\t<p>He was a member of the Mozambican Parliament for ten years. He is a businessman and founder of one of the most prestigious media groups in Mozambique, Grupo Sucesso, which includes TV Sucesso, one of the most watched generalist channels in Mozambique. Gabriel J\u00fanior is one of the most successful young entrepreneurs in the communications industry in Mozambique. He also heads consulting and business firms in various areas.<\/p>\t\t\t\t\t\t\t\t<\/div>\n\t\t\t\t<div class=\"elementor-element elementor-element-d3ade00 elementor-widget elementor-widget-text-editor\" data-id=\"d3ade00\" data-element_type=\"widget\" data-e-type=\"widget\" data-widget_type=\"text-editor.default\">\n\t\t\t\t\t\t\t\t\t<p>In addition to other interests in other areas of business, as an international consultant he has collaborated with the US-based organization ALMA, founded by African Heads of State, with the aim of supporting African countries in the fight against malaria and other neglected diseases. Today, he leads his own organization while providing consulting services to various organizations.<\/p>\t\t\t\t\t\t\t\t<\/div>\n\t\t\t\t<div class=\"elementor-element elementor-element-42791c6 elementor-widget elementor-widget-text-editor\" data-id=\"42791c6\" data-element_type=\"widget\" data-e-type=\"widget\" data-widget_type=\"text-editor.default\">\n\t\t\t\t\t\t\t\t\t<div class=\"inner\">Gabriel da Barca J\u00fanior is one of the few figures who, in addition to having more than two dozen awards, distinctions, and recognitions, is also honored by various artists with musical tracks for his achievements on behalf of his people.<\/div>\t\t\t\t\t\t\t\t<\/div>\n\t\t\t\t<\/div>\n\t\t\t\t<\/div>\n\t\t<div class=\"elementor-element elementor-element-39ff792 e-con-full e-flex e-con e-parent\" data-id=\"39ff792\" data-element_type=\"container\" data-e-type=\"container\" data-settings=\"{&quot;background_background&quot;:&quot;classic&quot;}\">\n\t\t\t\t<div class=\"elementor-element elementor-element-591a8c8 elementor-widget__width-inherit elementor-widget elementor-widget-heading\" data-id=\"591a8c8\" data-element_type=\"widget\" data-e-type=\"widget\" data-widget_type=\"heading.default\">\n\t\t\t\t\t<h2 class=\"elementor-heading-title elementor-size-default\">\u201cThe Son of the People\u201d<\/h2>\t\t\t\t<\/div>\n\t\t\t\t<\/div>\n\t\t<div class=\"elementor-element elementor-element-8c09ae3 e-flex e-con-boxed e-con e-parent\" data-id=\"8c09ae3\" data-element_type=\"container\" data-e-type=\"container\" data-settings=\"{&quot;background_background&quot;:&quot;classic&quot;}\">\n\t\t\t\t\t<div class=\"e-con-inner\">\n\t\t<div class=\"elementor-element elementor-element-1da1408 e-con-full e-flex e-con e-child\" data-id=\"1da1408\" data-element_type=\"container\" data-e-type=\"container\">\n\t\t\t\t<\/div>\n\t\t<div class=\"elementor-element elementor-element-dd89ae9 e-con-full e-flex e-con e-child\" data-id=\"dd89ae9\" data-element_type=\"container\" data-e-type=\"container\" data-settings=\"{&quot;background_background&quot;:&quot;classic&quot;}\">\n\t\t\t\t<div class=\"elementor-element elementor-element-a769de1 elementor-widget elementor-widget-heading\" data-id=\"a769de1\" data-element_type=\"widget\" data-e-type=\"widget\" data-widget_type=\"heading.default\">\n\t\t\t\t\t<h2 class=\"elementor-heading-title elementor-size-default\">Career in the field of communications\n <\/h2>\t\t\t\t<\/div>\n\t\t\t\t<div class=\"elementor-element elementor-element-3163401 elementor-widget__width-inherit elementor-widget elementor-widget-text-editor\" data-id=\"3163401\" data-element_type=\"widget\" data-e-type=\"widget\" data-widget_type=\"text-editor.default\">\n\t\t\t\t\t\t\t\t\t<p>Gabriel J\u00fanior has had an impressive and successful career as the most awarded communicator and the greatest popular mobilizer. His television program \u201cMo\u00e7ambique em Concerto\u201d holds the record for the longest-running audience leader in the country.<\/p>\t\t\t\t\t\t\t\t<\/div>\n\t\t\t\t<div class=\"elementor-element elementor-element-63472dd elementor-widget elementor-widget-heading\" data-id=\"63472dd\" data-element_type=\"widget\" data-e-type=\"widget\" data-widget_type=\"heading.default\">\n\t\t\t\t\t<h2 class=\"elementor-heading-title elementor-size-default\">Career\n\n <\/h2>\t\t\t\t<\/div>\n\t\t\t\t<div class=\"elementor-element elementor-element-50e0881 elementor-widget__width-inherit elementor-icon-list--layout-traditional elementor-list-item-link-full_width elementor-widget elementor-widget-icon-list\" data-id=\"50e0881\" data-element_type=\"widget\" data-e-type=\"widget\" data-widget_type=\"icon-list.default\">\n\t\t\t\t\t\t\t<ul class=\"elementor-icon-list-items\">\n\t\t\t\t\t\t\t<li class=\"elementor-icon-list-item\">\n\t\t\t\t\t\t\t\t\t\t\t<span class=\"elementor-icon-list-icon\">\n\t\t\t\t\t\t\t<svg aria-hidden=\"true\" class=\"e-font-icon-svg e-fas-arrow-right\" viewbox=\"0 0 448 512\" xmlns=\"http:\/\/www.w3.org\/2000\/svg\"><path d=\"M190.5 66.9l22.2-22.2c9.4-9.4 24.6-9.4 33.9 0L441 239c9.4 9.4 9.4 24.6 0 33.9L246.6 467.3c-9.4 9.4-24.6 9.4-33.9 0l-22.2-22.2c-9.5-9.5-9.3-25 .4-34.3L311.4 296H24c-13.3 0-24-10.7-24-24v-32c0-13.3 10.7-24 24-24h287.4L190.9 101.2c-9.8-9.3-10-24.8-.4-34.3z\"><\/path><\/svg>\t\t\t\t\t\t<\/span>\n\t\t\t\t\t\t\t\t\t\t<span class=\"elementor-icon-list-text\">He started on Radio Mozambique's children's program.<\/span>\n\t\t\t\t\t\t\t\t\t<\/li>\n\t\t\t\t\t\t\t\t<li class=\"elementor-icon-list-item\">\n\t\t\t\t\t\t\t\t\t\t\t<span class=\"elementor-icon-list-icon\">\n\t\t\t\t\t\t\t<svg aria-hidden=\"true\" class=\"e-font-icon-svg e-fas-arrow-right\" viewbox=\"0 0 448 512\" xmlns=\"http:\/\/www.w3.org\/2000\/svg\"><path d=\"M190.5 66.9l22.2-22.2c9.4-9.4 24.6-9.4 33.9 0L441 239c9.4 9.4 9.4 24.6 0 33.9L246.6 467.3c-9.4 9.4-24.6 9.4-33.9 0l-22.2-22.2c-9.5-9.5-9.3-25 .4-34.3L311.4 296H24c-13.3 0-24-10.7-24-24v-32c0-13.3 10.7-24 24-24h287.4L190.9 101.2c-9.8-9.3-10-24.8-.4-34.3z\"><\/path><\/svg>\t\t\t\t\t\t<\/span>\n\t\t\t\t\t\t\t\t\t\t<span class=\"elementor-icon-list-text\">He presented the programs \u201cA Voz do Povo\u201d (The Voice of the People) and \u201cEm Busca do Amor\u201d (In Search of Love) on TV Miramar He presented the program Mo\u00e7ambique da Sorte (Lucky Mozambique) on TVM<\/span>\n\t\t\t\t\t\t\t\t\t<\/li>\n\t\t\t\t\t\t\t\t<li class=\"elementor-icon-list-item\">\n\t\t\t\t\t\t\t\t\t\t\t<span class=\"elementor-icon-list-icon\">\n\t\t\t\t\t\t\t<svg aria-hidden=\"true\" class=\"e-font-icon-svg e-fas-arrow-right\" viewbox=\"0 0 448 512\" xmlns=\"http:\/\/www.w3.org\/2000\/svg\"><path d=\"M190.5 66.9l22.2-22.2c9.4-9.4 24.6-9.4 33.9 0L441 239c9.4 9.4 9.4 24.6 0 33.9L246.6 467.3c-9.4 9.4-24.6 9.4-33.9 0l-22.2-22.2c-9.5-9.5-9.3-25 .4-34.3L311.4 296H24c-13.3 0-24-10.7-24-24v-32c0-13.3 10.7-24 24-24h287.4L190.9 101.2c-9.8-9.3-10-24.8-.4-34.3z\"><\/path><\/svg>\t\t\t\t\t\t<\/span>\n\t\t\t\t\t\t\t\t\t\t<span class=\"elementor-icon-list-text\">Created and presented the most popular and award-winning television program, Mo\u00e7ambique em Concerto, the absolute audience leader in Mozambique (TVM and TV Sucesso).<\/span>\n\t\t\t\t\t\t\t\t\t<\/li>\n\t\t\t\t\t\t\t\t<li class=\"elementor-icon-list-item\">\n\t\t\t\t\t\t\t\t\t\t\t<span class=\"elementor-icon-list-icon\">\n\t\t\t\t\t\t\t<svg aria-hidden=\"true\" class=\"e-font-icon-svg e-fas-arrow-right\" viewbox=\"0 0 448 512\" xmlns=\"http:\/\/www.w3.org\/2000\/svg\"><path d=\"M190.5 66.9l22.2-22.2c9.4-9.4 24.6-9.4 33.9 0L441 239c9.4 9.4 9.4 24.6 0 33.9L246.6 467.3c-9.4 9.4-24.6 9.4-33.9 0l-22.2-22.2c-9.5-9.5-9.3-25 .4-34.3L311.4 296H24c-13.3 0-24-10.7-24-24v-32c0-13.3 10.7-24 24-24h287.4L190.9 101.2c-9.8-9.3-10-24.8-.4-34.3z\"><\/path><\/svg>\t\t\t\t\t\t<\/span>\n\t\t\t\t\t\t\t\t\t\t<span class=\"elementor-icon-list-text\">In 2007, he set up his communications group and officially launched the Sucesso group in 2014, with a television channel, radio station, newspaper, magazine, advertising agency, and higher education school of communications. Today, TV Sucesso is among the most watched channels in Mozambique, leading in several time slots, and his communications group is among the most successful.<\/span>\n\t\t\t\t\t\t\t\t\t<\/li>\n\t\t\t\t\t\t<\/ul>\n\t\t\t\t\t\t<\/div>\n\t\t\t\t<div class=\"elementor-element elementor-element-b8521ec elementor-widget elementor-widget-heading\" data-id=\"b8521ec\" data-element_type=\"widget\" data-e-type=\"widget\" data-widget_type=\"heading.default\">\n\t\t\t\t\t<h2 class=\"elementor-heading-title elementor-size-default\">Political Life\n\n <\/h2>\t\t\t\t<\/div>\n\t\t\t\t<div class=\"elementor-element elementor-element-76f9b51 elementor-widget__width-inherit elementor-widget elementor-widget-text-editor\" data-id=\"76f9b51\" data-element_type=\"widget\" data-e-type=\"widget\" data-widget_type=\"text-editor.default\">\n\t\t\t\t\t\t\t\t\t<p>Gabriel was also a representative of the people, a member of the Assembly of the Republic for the Frelimo parliamentary group, having served two terms on the Ethics and Parliamentary Mandate Committee. In parliament, he was also part of the parliamentary friendship group between Mozambique and Sweden.<\/p>\t\t\t\t\t\t\t\t<\/div>\n\t\t\t\t<div class=\"elementor-element elementor-element-696a258 elementor-widget__width-inherit elementor-widget elementor-widget-text-editor\" data-id=\"696a258\" data-element_type=\"widget\" data-e-type=\"widget\" data-widget_type=\"text-editor.default\">\n\t\t\t\t\t\t\t\t\t<div class=\"inner\">He has collaborated as a special events consultant for the First Ladies of the Republic of Mozambique. He has also organized large rallies attended by prominent political figures.<\/div>\t\t\t\t\t\t\t\t<\/div>\n\t\t\t\t<div class=\"elementor-element elementor-element-5fffc19 elementor-widget elementor-widget-menu-anchor\" data-id=\"5fffc19\" data-element_type=\"widget\" data-e-type=\"widget\" data-widget_type=\"menu-anchor.default\">\n\t\t\t\t\t\t\t<div class=\"elementor-menu-anchor\" id=\"desporto\"><\/div>\n\t\t\t\t\t\t<\/div>\n\t\t\t\t<\/div>\n\t\t\t\t\t<\/div>\n\t\t\t\t<\/div>\n\t\t<div class=\"elementor-element elementor-element-ff35cb2 e-flex e-con-boxed e-con e-parent\" data-id=\"ff35cb2\" data-element_type=\"container\" data-e-type=\"container\" data-settings=\"{&quot;background_background&quot;:&quot;classic&quot;}\">\n\t\t\t\t\t<div class=\"e-con-inner\">\n\t\t<div class=\"elementor-element elementor-element-afaf042 e-con-full e-flex e-con e-child\" data-id=\"afaf042\" data-element_type=\"container\" data-e-type=\"container\">\n\t\t\t\t<\/div>\n\t\t<div class=\"elementor-element elementor-element-587a881 e-con-full e-flex e-con e-child\" data-id=\"587a881\" data-element_type=\"container\" data-e-type=\"container\" data-settings=\"{&quot;background_background&quot;:&quot;classic&quot;}\">\n\t\t\t\t<div class=\"elementor-element elementor-element-26934da elementor-widget elementor-widget-heading\" data-id=\"26934da\" data-element_type=\"widget\" data-e-type=\"widget\" data-widget_type=\"heading.default\">\n\t\t\t\t\t<h2 class=\"elementor-heading-title elementor-size-default\">Leadership in sports\n\n <\/h2>\t\t\t\t<\/div>\n\t\t\t\t<div class=\"elementor-element elementor-element-897575e elementor-widget__width-inherit elementor-widget elementor-widget-text-editor\" data-id=\"897575e\" data-element_type=\"widget\" data-e-type=\"widget\" data-widget_type=\"text-editor.default\">\n\t\t\t\t\t\t\t\t\t<p>Gabriel J\u00fanior has been involved in sports since he was a child. In 2017, he took over as president of the Mozambican Boxing Federation at a time when the sport had fallen into oblivion. Together with his team, he worked on the internal reorganisation of the sport, distributed rings, legalised associations, and promoted the holding of regular internal championships, which led Mozambique to win its first historic title in Southern Africa. Subsequently becoming a two-time champion, with him, Mozambique was champion of Africa, participated for the first time in the world championship, being the first team from sub-Saharan Africa to win two medals in a world championship, and won medals in the Commonwealth Games.<\/p>\t\t\t\t\t\t\t\t<\/div>\n\t\t\t\t<div class=\"elementor-element elementor-element-653d615 elementor-widget__width-inherit elementor-widget elementor-widget-text-editor\" data-id=\"653d615\" data-element_type=\"widget\" data-e-type=\"widget\" data-widget_type=\"text-editor.default\">\n\t\t\t\t\t\t\t\t\t<p>Under Gabriel J\u00fanior's leadership, boxing returned to the limelight, reaching the top of the best African teams. In Mozambique, the Boxing Federation has received several awards for best federation at the Sports Gala, attended by the President of the Republic. Its coach and athletes have been among those awarded and decorated with the sports medal by the Mozambican State. Also during Gabriel J\u00fanior's era, Mozambique gained a seat and vote in the AIBA Congress. He was the first Mozambican invited to join the marketing department of AIBA, the body that oversees world boxing.<\/p>\t\t\t\t\t\t\t\t<\/div>\n\t\t\t\t<div class=\"elementor-element elementor-element-d879d84 elementor-widget__width-inherit elementor-widget elementor-widget-text-editor\" data-id=\"d879d84\" data-element_type=\"widget\" data-e-type=\"widget\" data-widget_type=\"text-editor.default\">\n\t\t\t\t\t\t\t\t\t<p>Mozambican boxing reached its peak during Gabriel J\u00fanior's leadership when, for the first time in history, it qualified the highest number of athletes for the Tokyo Olympic Games. He is also an elected member of the National Sports Council and Chairman of the Communication and Marketing Commission of the Olympic Committee.<\/p>\t\t\t\t\t\t\t\t<\/div>\n\t\t\t\t<div class=\"elementor-element elementor-element-91797b6 elementor-widget__width-inherit elementor-widget elementor-widget-text-editor\" data-id=\"91797b6\" data-element_type=\"widget\" data-e-type=\"widget\" data-widget_type=\"text-editor.default\">\n\t\t\t\t\t\t\t\t\t<div class=\"inner\">This successful leadership journey led Gabriel J\u00fanior to be appointed President of the African Boxing Confederation for the Southern Zone (Zone IV), which comprises 14 countries, namely: Mozambique, South Africa, Botswana, Lesotho, Eswatini, Zimbabwe, Malawi, Seychelles, Mauritius, Comoros, Madagascar, Namibia, Angola, and Zambia.<\/div>\t\t\t\t\t\t\t\t<\/div>\n\t\t\t\t<\/div>\n\t\t\t\t\t<\/div>\n\t\t\t\t<\/div>\n\t\t<div class=\"elementor-element elementor-element-0d274db e-flex e-con-boxed e-con e-parent\" data-id=\"0d274db\" data-element_type=\"container\" data-e-type=\"container\" data-settings=\"{&quot;background_background&quot;:&quot;classic&quot;}\">\n\t\t\t\t\t<div class=\"e-con-inner\">\n\t\t\t\t\t<\/div>\n\t\t\t\t<\/div>\n\t\t\t\t<\/div>","protected":false},"excerpt":{"rendered":"<p>Sauda\u00e7\u00f5es, Eu sou o Gabriel J\u00fanior Nasceu no interior de Mo\u00e7ambique, mas, viveu a sua inf\u00e2ncia, adolesc\u00eancia e juventude na cidade da Beira, \u00e9 dos mais novos, dos sete irm\u00e3os. Nos dias de hoje \u00e9 uma das mais carism\u00e1ticas figuras em Mo\u00e7ambique, dos mais populares e o mais premiado comunicador em Mo\u00e7ambique, um verdadeiro mobilizador [&hellip;]<\/p>\n","protected":false},"author":1,"featured_media":0,"parent":0,"menu_order":0,"comment_status":"closed","ping_status":"closed","template":"elementor_header_footer","meta":{"footnotes":""},"class_list":["post-20","page","type-page","status-publish","hentry"],"yoast_head":"<!-- This site is optimized with the Yoast SEO plugin v27.4 - https:\/\/yoast.com\/product\/yoast-seo-wordpress\/ -->\n<title>Hist\u00f3ria - Gabriel J\u00fanior<\/title>\n<meta name=\"robots\" content=\"index, follow, max-snippet:-1, max-image-preview:large, max-video-preview:-1\" \/>\n<link rel=\"canonical\" href=\"https:\/\/gabrieljunior.com\/en\/historia\/\" \/>\n<meta property=\"og:locale\" content=\"en_US\" \/>\n<meta property=\"og:type\" content=\"article\" \/>\n<meta property=\"og:title\" content=\"Hist\u00f3ria - Gabriel J\u00fanior\" \/>\n<meta property=\"og:description\" content=\"Sauda\u00e7\u00f5es, Eu sou o Gabriel J\u00fanior Nasceu no interior de Mo\u00e7ambique, mas, viveu a sua inf\u00e2ncia, adolesc\u00eancia e juventude na cidade da Beira, \u00e9 dos mais novos, dos sete irm\u00e3os. Nos dias de hoje \u00e9 uma das mais carism\u00e1ticas figuras em Mo\u00e7ambique, dos mais populares e o mais premiado comunicador em Mo\u00e7ambique, um verdadeiro mobilizador [&hellip;]\" \/>\n<meta property=\"og:url\" content=\"https:\/\/gabrieljunior.com\/en\/historia\/\" \/>\n<meta property=\"og:site_name\" content=\"Gabriel J\u00fanior\" \/>\n<meta property=\"article:publisher\" content=\"https:\/\/www.facebook.com\/gabriel.junior.100046\/\" \/>\n<meta property=\"article:modified_time\" content=\"2026-02-27T14:42:32+00:00\" \/>\n<meta name=\"twitter:card\" content=\"summary_large_image\" \/>\n<meta name=\"twitter:label1\" content=\"Est. reading time\" \/>\n\t<meta name=\"twitter:data1\" content=\"7 minutes\" \/>\n<script type=\"application\/ld+json\" class=\"yoast-schema-graph\">{\"@context\":\"https:\\\/\\\/schema.org\",\"@graph\":[{\"@type\":\"WebPage\",\"@id\":\"https:\\\/\\\/gabrieljunior.com\\\/historia\\\/\",\"url\":\"https:\\\/\\\/gabrieljunior.com\\\/historia\\\/\",\"name\":\"Hist\u00f3ria - Gabriel J\u00fanior\",\"isPartOf\":{\"@id\":\"https:\\\/\\\/gabrieljunior.com\\\/en\\\/#website\"},\"datePublished\":\"2025-09-18T10:20:26+00:00\",\"dateModified\":\"2026-02-27T14:42:32+00:00\",\"breadcrumb\":{\"@id\":\"https:\\\/\\\/gabrieljunior.com\\\/historia\\\/#breadcrumb\"},\"inLanguage\":\"en-US\",\"potentialAction\":[{\"@type\":\"ReadAction\",\"target\":[\"https:\\\/\\\/gabrieljunior.com\\\/historia\\\/\"]}]},{\"@type\":\"BreadcrumbList\",\"@id\":\"https:\\\/\\\/gabrieljunior.com\\\/historia\\\/#breadcrumb\",\"itemListElement\":[{\"@type\":\"ListItem\",\"position\":1,\"name\":\"In\u00edcio\",\"item\":\"https:\\\/\\\/gabrieljunior.com\\\/\"},{\"@type\":\"ListItem\",\"position\":2,\"name\":\"Hist\u00f3ria\"}]},{\"@type\":\"WebSite\",\"@id\":\"https:\\\/\\\/gabrieljunior.com\\\/en\\\/#website\",\"url\":\"https:\\\/\\\/gabrieljunior.com\\\/en\\\/\",\"name\":\"Gabriel J\u00fanior\",\"description\":\"O Filho do Povo\",\"publisher\":{\"@id\":\"https:\\\/\\\/gabrieljunior.com\\\/en\\\/#organization\"},\"potentialAction\":[{\"@type\":\"SearchAction\",\"target\":{\"@type\":\"EntryPoint\",\"urlTemplate\":\"https:\\\/\\\/gabrieljunior.com\\\/en\\\/?s={search_term_string}\"},\"query-input\":{\"@type\":\"PropertyValueSpecification\",\"valueRequired\":true,\"valueName\":\"search_term_string\"}}],\"inLanguage\":\"en-US\"},{\"@type\":\"Organization\",\"@id\":\"https:\\\/\\\/gabrieljunior.com\\\/en\\\/#organization\",\"name\":\"Gabriel J\u00fanior\",\"url\":\"https:\\\/\\\/gabrieljunior.com\\\/en\\\/\",\"logo\":{\"@type\":\"ImageObject\",\"inLanguage\":\"en-US\",\"@id\":\"https:\\\/\\\/gabrieljunior.com\\\/en\\\/#\\\/schema\\\/logo\\\/image\\\/\",\"url\":\"https:\\\/\\\/gabrieljunior.com\\\/wp-content\\\/uploads\\\/2025\\\/09\\\/Background.png\",\"contentUrl\":\"https:\\\/\\\/gabrieljunior.com\\\/wp-content\\\/uploads\\\/2025\\\/09\\\/Background.png\",\"width\":802,\"height\":802,\"caption\":\"Gabriel J\u00fanior\"},\"image\":{\"@id\":\"https:\\\/\\\/gabrieljunior.com\\\/en\\\/#\\\/schema\\\/logo\\\/image\\\/\"},\"sameAs\":[\"https:\\\/\\\/www.facebook.com\\\/gabriel.junior.100046\\\/\",\"https:\\\/\\\/www.instagram.com\\\/gabrieljuniorofficial\\\/?hl=en\"]}]}<\/script>\n<!-- \/ Yoast SEO plugin. -->","yoast_head_json":{"title":"Hist\u00f3ria - Gabriel J\u00fanior","robots":{"index":"index","follow":"follow","max-snippet":"max-snippet:-1","max-image-preview":"max-image-preview:large","max-video-preview":"max-video-preview:-1"},"canonical":"https:\/\/gabrieljunior.com\/en\/historia\/","og_locale":"en_US","og_type":"article","og_title":"Hist\u00f3ria - Gabriel J\u00fanior","og_description":"Sauda\u00e7\u00f5es, Eu sou o Gabriel J\u00fanior Nasceu no interior de Mo\u00e7ambique, mas, viveu a sua inf\u00e2ncia, adolesc\u00eancia e juventude na cidade da Beira, \u00e9 dos mais novos, dos sete irm\u00e3os. Nos dias de hoje \u00e9 uma das mais carism\u00e1ticas figuras em Mo\u00e7ambique, dos mais populares e o mais premiado comunicador em Mo\u00e7ambique, um verdadeiro mobilizador [&hellip;]","og_url":"https:\/\/gabrieljunior.com\/en\/historia\/","og_site_name":"Gabriel J\u00fanior","article_publisher":"https:\/\/www.facebook.com\/gabriel.junior.100046\/","article_modified_time":"2026-02-27T14:42:32+00:00","twitter_card":"summary_large_image","twitter_misc":{"Est. reading time":"7 minutes"},"schema":{"@context":"https:\/\/schema.org","@graph":[{"@type":"WebPage","@id":"https:\/\/gabrieljunior.com\/historia\/","url":"https:\/\/gabrieljunior.com\/historia\/","name":"Hist\u00f3ria - Gabriel J\u00fanior","isPartOf":{"@id":"https:\/\/gabrieljunior.com\/en\/#website"},"datePublished":"2025-09-18T10:20:26+00:00","dateModified":"2026-02-27T14:42:32+00:00","breadcrumb":{"@id":"https:\/\/gabrieljunior.com\/historia\/#breadcrumb"},"inLanguage":"en-US","potentialAction":[{"@type":"ReadAction","target":["https:\/\/gabrieljunior.com\/historia\/"]}]},{"@type":"BreadcrumbList","@id":"https:\/\/gabrieljunior.com\/historia\/#breadcrumb","itemListElement":[{"@type":"ListItem","position":1,"name":"In\u00edcio","item":"https:\/\/gabrieljunior.com\/"},{"@type":"ListItem","position":2,"name":"Hist\u00f3ria"}]},{"@type":"WebSite","@id":"https:\/\/gabrieljunior.com\/en\/#website","url":"https:\/\/gabrieljunior.com\/en\/","name":"Gabriel J\u00fanior","description":"O Filho do Povo","publisher":{"@id":"https:\/\/gabrieljunior.com\/en\/#organization"},"potentialAction":[{"@type":"SearchAction","target":{"@type":"EntryPoint","urlTemplate":"https:\/\/gabrieljunior.com\/en\/?s={search_term_string}"},"query-input":{"@type":"PropertyValueSpecification","valueRequired":true,"valueName":"search_term_string"}}],"inLanguage":"en-US"},{"@type":"Organization","@id":"https:\/\/gabrieljunior.com\/en\/#organization","name":"Gabriel J\u00fanior","url":"https:\/\/gabrieljunior.com\/en\/","logo":{"@type":"ImageObject","inLanguage":"en-US","@id":"https:\/\/gabrieljunior.com\/en\/#\/schema\/logo\/image\/","url":"https:\/\/gabrieljunior.com\/wp-content\/uploads\/2025\/09\/Background.png","contentUrl":"https:\/\/gabrieljunior.com\/wp-content\/uploads\/2025\/09\/Background.png","width":802,"height":802,"caption":"Gabriel J\u00fanior"},"image":{"@id":"https:\/\/gabrieljunior.com\/en\/#\/schema\/logo\/image\/"},"sameAs":["https:\/\/www.facebook.com\/gabriel.junior.100046\/","https:\/\/www.instagram.com\/gabrieljuniorofficial\/?hl=en"]}]}},"_hostinger_reach_plugin_has_subscription_block":false,"_hostinger_reach_plugin_is_elementor":false,"_links":{"self":[{"href":"https:\/\/gabrieljunior.com\/en\/wp-json\/wp\/v2\/pages\/20","targetHints":{"allow":["GET"]}}],"collection":[{"href":"https:\/\/gabrieljunior.com\/en\/wp-json\/wp\/v2\/pages"}],"about":[{"href":"https:\/\/gabrieljunior.com\/en\/wp-json\/wp\/v2\/types\/page"}],"author":[{"embeddable":true,"href":"https:\/\/gabrieljunior.com\/en\/wp-json\/wp\/v2\/users\/1"}],"replies":[{"embeddable":true,"href":"https:\/\/gabrieljunior.com\/en\/wp-json\/wp\/v2\/comments?post=20"}],"version-history":[{"count":95,"href":"https:\/\/gabrieljunior.com\/en\/wp-json\/wp\/v2\/pages\/20\/revisions"}],"predecessor-version":[{"id":2058,"href":"https:\/\/gabrieljunior.com\/en\/wp-json\/wp\/v2\/pages\/20\/revisions\/2058"}],"wp:attachment":[{"href":"https:\/\/gabrieljunior.com\/en\/wp-json\/wp\/v2\/media?parent=20"}],"curies":[{"name":"wp","href":"https:\/\/api.w.org\/{rel}","templated":true}]}}